{"id":6970,"date":"2024-09-09T12:00:08","date_gmt":"2024-09-09T10:00:08","guid":{"rendered":"https:\/\/www.iroisefm.com\/WP\/?page_id=6970"},"modified":"2024-09-09T12:52:51","modified_gmt":"2024-09-09T10:52:51","slug":"concerts-spectacles","status":"publish","type":"page","link":"https:\/\/www.iroisefm.com\/WP\/concerts-spectacles\/","title":{"rendered":"Concerts &#8211; Spectacles"},"content":{"rendered":"\n<div class=\"twitter-share\"><a href=\"https:\/\/twitter.com\/intent\/tweet?via=IroiseFM\" class=\"twitter-share-button\" data-size=\"large\">Tweet<\/a><\/div>\n<p style=\"text-align: center;\">Concerts et spectacles au centre culturel L&rsquo;Am\u00e9thyste de Crozon<\/p>\n<p><img loading=\"lazy\" class=\"alignnone size-full wp-image-7729 aligncenter\" src=\"https:\/\/www.iroisefm.com\/WP\/wp-content\/uploads\/2022\/01\/cliquez-ici.gif\" alt=\"\" width=\"120\" height=\"111\" \/><\/p>\n<p><a href=\"https:\/\/www.comcom-crozon.com\/centre-culturel-amethyste-culture-et-loisirs\/centre-culturel-amethyste\/saison-culturelle-2023-2024\/\" target=\"_blank\" rel=\"noopener\"><img loading=\"lazy\" class=\"size-medium wp-image-6973 aligncenter\" src=\"https:\/\/www.iroisefm.com\/WP\/wp-content\/uploads\/2021\/11\/207892864_167621218745746_3822273967597633158_n-500x250.jpg\" alt=\"\" width=\"500\" height=\"250\" srcset=\"https:\/\/www.iroisefm.com\/WP\/wp-content\/uploads\/2021\/11\/207892864_167621218745746_3822273967597633158_n-500x250.jpg 500w, https:\/\/www.iroisefm.com\/WP\/wp-content\/uploads\/2021\/11\/207892864_167621218745746_3822273967597633158_n-768x384.jpg 768w, https:\/\/www.iroisefm.com\/WP\/wp-content\/uploads\/2021\/11\/207892864_167621218745746_3822273967597633158_n.jpg 961w\" sizes=\"(max-width: 500px) 100vw, 500px\" \/><\/a><\/p>\n<p>&nbsp;<\/p>\n<p><!--more--><\/p>\n<p style=\"text-align: center;\">Concerts organis\u00e9s par\u00a0 : Quai Ouest<\/p>\n<p>&nbsp;<\/p>\n<p><a href=\"https:\/\/quai-ouest.net\/\" target=\"_blank\" rel=\"noopener\"><img loading=\"lazy\" class=\"size-medium wp-image-6971 aligncenter\" src=\"https:\/\/www.iroisefm.com\/WP\/wp-content\/uploads\/2021\/11\/Logo-Quai-Ouest-positif-500x176.png\" alt=\"\" width=\"500\" height=\"176\" srcset=\"https:\/\/www.iroisefm.com\/WP\/wp-content\/uploads\/2021\/11\/Logo-Quai-Ouest-positif-500x176.png 500w, https:\/\/www.iroisefm.com\/WP\/wp-content\/uploads\/2021\/11\/Logo-Quai-Ouest-positif-768x270.png 768w, https:\/\/www.iroisefm.com\/WP\/wp-content\/uploads\/2021\/11\/Logo-Quai-Ouest-positif.png 1232w\" sizes=\"(max-width: 500px) 100vw, 500px\" \/><\/a><\/p>\n<p><!--more--><\/p>\n<p style=\"text-align: center;\">Concerts et spectacles organis\u00e9es par : Arsenal Prod<\/p>\n<p><a href=\"https:\/\/arsenal-prod.com\/\" target=\"_blank\" rel=\"noopener\"><img loading=\"lazy\" class=\"alignnone size-full wp-image-7287 aligncenter\" src=\"https:\/\/www.iroisefm.com\/WP\/wp-content\/uploads\/2021\/12\/logo-noir.png\" alt=\"\" width=\"170\" height=\"170\" \/><\/a><\/p>\n<p><!--more--><\/p>\n<p style=\"text-align: center;\">Concerts et spectacles organis\u00e9es par : R\u00e9gie Sc\u00e8ne<\/p>\n<p style=\"text-align: center;\"><a href=\"https:\/\/www.regie-scene.com\/events\/event\/\" target=\"_blank\" rel=\"noopener\"><img loading=\"lazy\" class=\"alignnone size-full wp-image-7288\" src=\"https:\/\/www.iroisefm.com\/WP\/wp-content\/uploads\/2021\/12\/LogoRegieScene_footer.png\" alt=\"\" width=\"146\" height=\"150\" \/><\/a><\/p>\n<p><!--more--><\/p>\n<p style=\"text-align: center;\">Concerts et spectacles organis\u00e9es par : Diogene Productions<\/p>\n<p><a href=\"https:\/\/www.diogene.fr\/listing-spectacles\" target=\"_blank\" rel=\"noopener\"><img loading=\"lazy\" class=\"size-full wp-image-8695 aligncenter\" src=\"https:\/\/www.iroisefm.com\/WP\/wp-content\/uploads\/2022\/04\/logo-diogene.png\" alt=\"\" width=\"248\" height=\"155\" \/><\/a><\/p>\n<p><!--more--><\/p>\n<p style=\"text-align: center;\">Programmations de Brest Ar\u00e9na<\/p>\n<p><a href=\"https:\/\/billetterie.brestarena.com\/fr\" target=\"_blank\" rel=\"noopener\"><img loading=\"lazy\" class=\"alignnone size-full wp-image-7985 aligncenter\" src=\"https:\/\/www.iroisefm.com\/WP\/wp-content\/uploads\/2022\/02\/logo.png\" alt=\"\" width=\"300\" height=\"226\" \/><\/a><\/p>\n\n<div class=\"twitter-share\"><a href=\"https:\/\/twitter.com\/intent\/tweet?via=IroiseFM\" class=\"twitter-share-button\" data-size=\"large\">Tweet<\/a><\/div>\n","protected":false},"excerpt":{"rendered":"<p>Concerts et spectacles au centre culturel L&rsquo;Am\u00e9thyste de Crozon &nbsp;<\/p>\n","protected":false},"author":2,"featured_media":0,"parent":0,"menu_order":0,"comment_status":"closed","ping_status":"closed","template":"","meta":[],"_links":{"self":[{"href":"https:\/\/www.iroisefm.com\/WP\/wp-json\/wp\/v2\/pages\/6970"}],"collection":[{"href":"https:\/\/www.iroisefm.com\/WP\/wp-json\/wp\/v2\/pages"}],"about":[{"href":"https:\/\/www.iroisefm.com\/WP\/wp-json\/wp\/v2\/types\/page"}],"author":[{"embeddable":true,"href":"https:\/\/www.iroisefm.com\/WP\/wp-json\/wp\/v2\/users\/2"}],"replies":[{"embeddable":true,"href":"https:\/\/www.iroisefm.com\/WP\/wp-json\/wp\/v2\/comments?post=6970"}],"version-history":[{"count":0,"href":"https:\/\/www.iroisefm.com\/WP\/wp-json\/wp\/v2\/pages\/6970\/revisions"}],"wp:attachment":[{"href":"https:\/\/www.iroisefm.com\/WP\/wp-json\/wp\/v2\/media?parent=6970"}],"curies":[{"name":"wp","href":"https:\/\/api.w.org\/{rel}","templated":true}]}}