{"id":144,"date":"2026-03-20T17:00:10","date_gmt":"2026-03-20T16:00:10","guid":{"rendered":"http:\/\/www.iroisefm.com\/WP\/?page_id=144"},"modified":"2026-03-20T17:58:27","modified_gmt":"2026-03-20T16:58:27","slug":"festival-du-bout-du-monde","status":"publish","type":"page","link":"https:\/\/www.iroisefm.com\/WP\/festival-du-bout-du-monde\/","title":{"rendered":"Festival du Bout Du Monde 2026"},"content":{"rendered":"\n<div class=\"twitter-share\"><a href=\"https:\/\/twitter.com\/intent\/tweet?via=IroiseFM\" class=\"twitter-share-button\" data-size=\"large\">Tweet<\/a><\/div>\n<h1 style=\"text-align: center;\"><span style=\"color: #ff0000;\">Festival du Bout du Monde<\/span><\/h1>\n<h2 style=\"text-align: center;\">\u00e9dition 2026<\/h2>\n<h2 style=\"text-align: center;\">31 juillet, 2 et 3 ao\u00fbt<\/h2>\n<h2 style=\"text-align: center;\">Presqu&rsquo;\u00eele de Crozon &#8211; Aulne Maritime<\/h2>\n<p>&nbsp;<\/p>\n<p><!--more--><\/p>\n<p>&nbsp;<\/p>\n<h2 style=\"text-align: center;\"><span style=\"color: #000080;\"><strong>Les organisateurs du bout du monde ont d\u00e9voil\u00e9s aujourd&rsquo;hui \u00e0 l&rsquo;Am\u00e9thyste de Crozon le nom des 21 artistes suppl\u00e9mentaires qui rejoignent l&rsquo;\u00e9dition 2026 du festival.<\/strong><\/span><\/h2>\n<h2 style=\"text-align: center;\"><img loading=\"lazy\" class=\"alignnone size-full wp-image-7729\" src=\"https:\/\/www.iroisefm.com\/WP\/wp-content\/uploads\/2022\/01\/cliquez-ici.gif\" alt=\"\" width=\"120\" height=\"111\" \/><\/h2>\n<p>&nbsp;<\/p>\n<p><a href=\"https:\/\/www.festivalduboutdumonde.com\/programmation\/\" target=\"_blank\" rel=\"noopener\"><img loading=\"lazy\" class=\"alignnone size-medium wp-image-30280 aligncenter\" src=\"https:\/\/www.iroisefm.com\/WP\/wp-content\/uploads\/2026\/03\/FB_IMG_1774024547711-500x500.jpg\" alt=\"\" width=\"500\" height=\"500\" srcset=\"https:\/\/www.iroisefm.com\/WP\/wp-content\/uploads\/2026\/03\/FB_IMG_1774024547711-500x500.jpg 500w, https:\/\/www.iroisefm.com\/WP\/wp-content\/uploads\/2026\/03\/FB_IMG_1774024547711-2000x2000.jpg 2000w, https:\/\/www.iroisefm.com\/WP\/wp-content\/uploads\/2026\/03\/FB_IMG_1774024547711-200x200.jpg 200w, https:\/\/www.iroisefm.com\/WP\/wp-content\/uploads\/2026\/03\/FB_IMG_1774024547711-768x768.jpg 768w, https:\/\/www.iroisefm.com\/WP\/wp-content\/uploads\/2026\/03\/FB_IMG_1774024547711-1536x1536.jpg 1536w, https:\/\/www.iroisefm.com\/WP\/wp-content\/uploads\/2026\/03\/FB_IMG_1774024547711-150x150.jpg 150w, https:\/\/www.iroisefm.com\/WP\/wp-content\/uploads\/2026\/03\/FB_IMG_1774024547711.jpg 2048w\" sizes=\"(max-width: 500px) 100vw, 500px\" \/><\/a><\/p>\n<h2><\/h2>\n<p><!--more--><\/p>\n<h2><\/h2>\n<h2 style=\"text-align: center;\"><span style=\"color: #000080;\"><strong>Voici les noms des seize premiers artistes du Bout du Monde 2026<\/strong><\/span><\/h2>\n<p><img loading=\"lazy\" class=\"alignnone size-full wp-image-10905 aligncenter\" src=\"https:\/\/www.iroisefm.com\/WP\/wp-content\/uploads\/2022\/12\/cliquez-ici.gif\" alt=\"\" width=\"120\" height=\"111\" \/><\/p>\n<p style=\"text-align: center;\"><a href=\"https:\/\/www.festivalduboutdumonde.com\/\" target=\"_blank\" rel=\"noopener\"><img loading=\"lazy\" class=\"alignnone size-medium wp-image-28201\" src=\"https:\/\/www.iroisefm.com\/WP\/wp-content\/uploads\/2025\/12\/prog_festival_du_bout_du_monde_2026_V3-1536x864-1-500x281.jpg\" alt=\"\" width=\"500\" height=\"281\" srcset=\"https:\/\/www.iroisefm.com\/WP\/wp-content\/uploads\/2025\/12\/prog_festival_du_bout_du_monde_2026_V3-1536x864-1-500x281.jpg 500w, https:\/\/www.iroisefm.com\/WP\/wp-content\/uploads\/2025\/12\/prog_festival_du_bout_du_monde_2026_V3-1536x864-1-768x432.jpg 768w, https:\/\/www.iroisefm.com\/WP\/wp-content\/uploads\/2025\/12\/prog_festival_du_bout_du_monde_2026_V3-1536x864-1.jpg 1536w\" sizes=\"(max-width: 500px) 100vw, 500px\" \/><\/a><\/p>\n<h2 class=\"elementor-heading-title elementor-size-default\" style=\"text-align: center;\"><span style=\"color: #ff0000;\">samedi 13 d\u00e9cembre 2025<\/span><br \/>\n<span style=\"color: #ff0000;\">ouverture de la billetterie<\/span><\/h2>\n<p>&nbsp;<\/p>\n<p><!--more--><\/p>\n<h2 style=\"text-align: center;\"><span style=\"color: #000080;\">L&rsquo;affiche du bout du monde 2026<\/span><\/h2>\n<p>&nbsp;<\/p>\n<p style=\"text-align: center;\"><img loading=\"lazy\" class=\"alignnone size-medium wp-image-28202\" src=\"https:\/\/www.iroisefm.com\/WP\/wp-content\/uploads\/2025\/12\/affiche-festival-du-bout-du-monde-2026-960x1200-1-400x500.jpg\" alt=\"\" width=\"400\" height=\"500\" srcset=\"https:\/\/www.iroisefm.com\/WP\/wp-content\/uploads\/2025\/12\/affiche-festival-du-bout-du-monde-2026-960x1200-1-400x500.jpg 400w, https:\/\/www.iroisefm.com\/WP\/wp-content\/uploads\/2025\/12\/affiche-festival-du-bout-du-monde-2026-960x1200-1-768x960.jpg 768w, https:\/\/www.iroisefm.com\/WP\/wp-content\/uploads\/2025\/12\/affiche-festival-du-bout-du-monde-2026-960x1200-1.jpg 960w\" sizes=\"(max-width: 400px) 100vw, 400px\" \/><\/p>\n<p>&nbsp;<\/p>\n<h2 style=\"text-align: center;\"><!--more--><\/h2>\n<p>&nbsp;<\/p>\n<p>&nbsp;<\/p>\n<p>&nbsp;<\/p>\n<p><iframe loading=\"lazy\" title=\"YouTube video player\" src=\"https:\/\/www.youtube.com\/embed\/KjNOYt4v4E8?si=cSja9Ut83e-f5mbG\" width=\"1120\" height=\"630\" frameborder=\"0\" allowfullscreen=\"allowfullscreen\"><\/iframe><\/p>\n<h2 class=\"elementor-heading-title elementor-size-medium\" style=\"text-align: center;\"><\/h2>\n\n<div class=\"twitter-share\"><a href=\"https:\/\/twitter.com\/intent\/tweet?via=IroiseFM\" class=\"twitter-share-button\" data-size=\"large\">Tweet<\/a><\/div>\n","protected":false},"excerpt":{"rendered":"<p>Festival du Bout du Monde \u00e9dition 2026 31 juillet, 2 et 3 ao\u00fbt Presqu&rsquo;\u00eele de Crozon &#8211; Aulne Maritime &nbsp;<\/p>\n","protected":false},"author":1,"featured_media":0,"parent":0,"menu_order":0,"comment_status":"closed","ping_status":"closed","template":"","meta":[],"_links":{"self":[{"href":"https:\/\/www.iroisefm.com\/WP\/wp-json\/wp\/v2\/pages\/144"}],"collection":[{"href":"https:\/\/www.iroisefm.com\/WP\/wp-json\/wp\/v2\/pages"}],"about":[{"href":"https:\/\/www.iroisefm.com\/WP\/wp-json\/wp\/v2\/types\/page"}],"author":[{"embeddable":true,"href":"https:\/\/www.iroisefm.com\/WP\/wp-json\/wp\/v2\/users\/1"}],"replies":[{"embeddable":true,"href":"https:\/\/www.iroisefm.com\/WP\/wp-json\/wp\/v2\/comments?post=144"}],"version-history":[{"count":9,"href":"https:\/\/www.iroisefm.com\/WP\/wp-json\/wp\/v2\/pages\/144\/revisions"}],"predecessor-version":[{"id":30281,"href":"https:\/\/www.iroisefm.com\/WP\/wp-json\/wp\/v2\/pages\/144\/revisions\/30281"}],"wp:attachment":[{"href":"https:\/\/www.iroisefm.com\/WP\/wp-json\/wp\/v2\/media?parent=144"}],"curies":[{"name":"wp","href":"https:\/\/api.w.org\/{rel}","templated":true}]}}